{"id":55,"date":"2025-05-22T09:36:50","date_gmt":"2025-05-22T09:36:50","guid":{"rendered":"https:\/\/arvoredigital.pt\/web\/about\/"},"modified":"2025-05-23T22:15:46","modified_gmt":"2025-05-23T22:15:46","slug":"quemsomos","status":"publish","type":"page","link":"https:\/\/arvoredigital.pt\/web\/quemsomos\/","title":{"rendered":"Quem Somos"},"content":{"rendered":"\n\n\n&nbsp;&nbsp;\n\n\n\n\n\n<p>QUEM SOMOS<\/p>\n\n\n\n\n\n\n\n\n\n\n\n\n\n\n\n\n\n\n\n\n\n\n\n\n\n\n<p style=\"text-align: right; \"><span style=\"font-size: 20px; color: rgb(255, 255, 255);\"><strong style=\"line-height: 1;\">LOREM CORPORATE CEO<\/strong><\/span><\/p><p style=\"text-align: center;\"><span style=\"color: rgb(255, 255, 255);\">Duis aute irure dolor in reprehenderit in voluptate velit esse cillum dolore eu fugiat nulla pariatur. Excepteur sint occaecat cupidatat non proident, sunt in culpa qui officia deserunt mollit anim id est laborum.<\/span><\/p><p style=\"text-align: left;\"><sign>\u00a0 \u00a0 \u00a0 <span style=\"line-height: 2.0;\">Benn Marshall<\/span><\/sign><\/p>\n\n\n<h4>Inova\u00e7\u00e3o com ra\u00edzes na confian\u00e7a<\/h4>\n<p><br><\/p>\n<p style=\"text-align: justify;\"><span style=\"font-weight: normal;\">A ARVOREDIGITAL \u00e9 uma empresa portuguesa dedicada \u00e0 presta\u00e7\u00e3o de servi\u00e7os na \u00e1rea da inform\u00e1tica, com um compromisso s\u00f3lido com a <\/span>qualidade, confian\u00e7a e proximidade<span style=\"font-weight: normal;\">. Sediada em Portugal, atuamos com foco no cliente, oferecendo solu\u00e7\u00f5es tecnol\u00f3gicas eficientes e personalizadas para particulares, pequenas empresas e profissionais.<\/span><\/p><p><span style=\"font-weight: normal;\"><br><\/span><\/p><p style=\"text-align: justify;\"><span style=\"font-weight: normal;\">Fundada com a miss\u00e3o de simplificar a tecnologia e torn\u00e1-la acess\u00edvel a todos, a ARVOREDIGITAL combina conhecimento t\u00e9cnico com uma abordagem humana, sempre dispon\u00edvel para ouvir, aconselhar e resolver<\/span>.<\/p><p><br><\/p>\n<p><br><\/p>\n\n\n\n\n\n\n<h2>Objetivo principal.<\/h2>\n&nbsp;Nosso objetivo \u00e9 oferecer um suporte tecnol\u00f3gico completo, ajudando empresas e usu\u00e1rios a enfrentar os desafios da era digital com confian\u00e7a e tranquilidade. Seja para resolver um problema t\u00e9cnico, modernizar sua infraestrutura ou proteger seus dados, a ARVOREDIGITAL est\u00e1 pronta para atender voc\u00ea com profissionalismo e inova\u00e7\u00e3o.<p><br><\/p><p>\ud83d\udccd <span style=\"font-weight: normal;\">Entre em contato conosco e descubra como podemos ajudar a tornar sua experi\u00eancia digital mais segura e eficiente!<\/span><\/p>\n\n\n\n\n\n\n\n\n\n\n\n<p>nosso compromissO<\/p>\n\n\n\n<h5><strong><\/strong><strong>Transpar\u00eancia <\/strong><span style=\"font-weight: normal;\"><br>no atendimento<\/span><\/h5>\n\n\n\n<h5><strong><\/strong><strong><\/strong>Rapidez <span style=\"font-weight: normal;\">na resolu\u00e7\u00e3o de problemas<\/span><\/h5>\n\n\n\n<h5><strong><\/strong><strong><\/strong><strong>Excel\u00eancia t\u00e9cnica<\/strong><span style=\"font-weight: normal;\"> e atualizada<\/span><\/h5>\n\n\n\n\n\n<h5><strong><\/strong><strong>Acompanhamento cont\u00ednuo<\/strong><span style=\"font-weight: normal;\"><br>ao cliente<\/span><\/h5>\n\n\n\n<h5>Solu\u00e7\u00f5es sustent\u00e1veis<span style=\"font-weight: normal;\"> e pensadas ao longo prazo<\/span><\/h5>\n\n\n\n\n\n\n\n\n\n<p>Com uma equipe experiente e qualificada, atuamos em diversas \u00e1reas da inform\u00e1tica, sempre focados em atender \u00e0s necessidades espec\u00edficas de cada cliente. Nossos principais servi\u00e7os incluem:<\/p>\n\n\n\n<p><span style=\"color: rgb(0, 0, 0); font-family: &quot;DM Sans&quot;; font-size: 16px; font-weight: 400;\">Oferecemos orienta\u00e7\u00e3o especializada para empresas e indiv\u00edduos que desejam otimizar seus recursos tecnol\u00f3gicos, garantindo melhor desempenho e seguran\u00e7a.<\/span><\/p>\n\n\n<p><span style=\"color: rgb(0, 0, 0); font-family: &quot;DM Sans&quot;; font-size: 16px; font-weight: 400;\">Somos especialistas na manuten\u00e7\u00e3o e repara\u00e7\u00e3o de equipamentos, com \u00eanfase em port\u00e1teis, prolongando sua vida \u00fatil e garantindo o melhor funcionamento.<\/span><\/p>\n\n\n<p><span style=\"color: rgb(0, 0, 0); font-family: &quot;DM Sans&quot;; font-size: 16px; font-weight: 400;\">Implementamos pr\u00e1ticas de manuten\u00e7\u00e3o que evitam falhas e reduzem custos com reparos futuros, garantindo que seus equipamentos e sistemas funcionem sem interrup\u00e7\u00f5es.<\/span><\/p>\n\n\n<p><span style=\"color: rgb(0, 0, 0); font-family: &quot;DM Sans&quot;; font-size: 16px; font-weight: 400;\">Disponibilizamos equipamentos de alta qualidade, tanto novos quanto recondicionados, oferecendo solu\u00e7\u00f5es acess\u00edveis e sustent\u00e1veis para quem busca tecnologia com \u00f3timo custo-benef\u00edcio.<\/span><\/p>\n\n\n<p>P<span style=\"color: rgb(0, 0, 0); font-family: &quot;DM Sans&quot;; font-size: 16px; font-weight: 400;\">rotegemos seus dados com solu\u00e7\u00f5es de backup seguras e eficientes na nuvem, garantindo que suas informa\u00e7\u00f5es estejam sempre acess\u00edveis e protegidas contra perdas ou falhas inesperadas.<\/span><\/p>\n\n\n\n\n\n\n\n\n<span style=\"font-weight: normal;\">\n\t\t\t\t\t\n\t\t\t\t\tCuidado com a s\u00edndrome do <\/span><u>Poss\u00edvel<\/u><span style=\"font-weight: normal;\">! <br>H\u00e1 uma grande diferen\u00e7a entre fazer o poss\u00edvel e fazer o melhor. <br>Fazer o poss\u00edvel \u00e9 sinal de acomoda\u00e7\u00e3o; fazer o melhor \u00e9 o compromisso de colocar a excel\u00eancia como horizonte.<\/span>\n<h3>A nossa vis\u00e3o<\/h3>\n<p><span style=\"font-weight: normal;\">Ser reconhecida com uma refer\u00eancia local e nacional em <\/span>servi\u00e7os inform\u00e1ticos e venda de equipamentos de confian\u00e7a,<span style=\"font-weight: normal;\"> promovendo a transforma\u00e7\u00e3o digital com integridade, inova\u00e7\u00e3o e dedica\u00e7\u00e3o.<\/span><\/p>\n<p>&nbsp;&nbsp;<\/p>\n\n\n\n\n<h3>Os nossos valores<\/h3>\n\nResponsabilidade<br>\nProximidade\nInova\u00e7\u00e3o\nCompet\u00eancia\nConfian\u00e7a m\u00fatua\n\n<p data-start=\"1258\" data-end=\"1461\">Na <strong data-start=\"1261\" data-end=\"1278\">ARVOREDIGITAL<\/strong>, mais do que clientes, cultivamos <strong data-start=\"1313\" data-end=\"1336\">rela\u00e7\u00f5es duradouras<\/strong> baseadas na confian\u00e7a e no resultado. <br>Se procura uma equipa que fala a sua l\u00edngua e entende os seus desafios, fale connosco.<\/p>\n\n\n","protected":false},"excerpt":{"rendered":"","protected":false},"author":1,"featured_media":0,"parent":0,"menu_order":0,"comment_status":"closed","ping_status":"closed","template":"","meta":{"pagelayer_contact_templates":[],"_pagelayer_content":"","footnotes":""},"class_list":["post-55","page","type-page","status-publish","hentry"],"jetpack_sharing_enabled":true,"_links":{"self":[{"href":"https:\/\/arvoredigital.pt\/web\/wp-json\/wp\/v2\/pages\/55","targetHints":{"allow":["GET"]}}],"collection":[{"href":"https:\/\/arvoredigital.pt\/web\/wp-json\/wp\/v2\/pages"}],"about":[{"href":"https:\/\/arvoredigital.pt\/web\/wp-json\/wp\/v2\/types\/page"}],"author":[{"embeddable":true,"href":"https:\/\/arvoredigital.pt\/web\/wp-json\/wp\/v2\/users\/1"}],"replies":[{"embeddable":true,"href":"https:\/\/arvoredigital.pt\/web\/wp-json\/wp\/v2\/comments?post=55"}],"version-history":[{"count":14,"href":"https:\/\/arvoredigital.pt\/web\/wp-json\/wp\/v2\/pages\/55\/revisions"}],"predecessor-version":[{"id":198,"href":"https:\/\/arvoredigital.pt\/web\/wp-json\/wp\/v2\/pages\/55\/revisions\/198"}],"wp:attachment":[{"href":"https:\/\/arvoredigital.pt\/web\/wp-json\/wp\/v2\/media?parent=55"}],"curies":[{"name":"wp","href":"https:\/\/api.w.org\/{rel}","templated":true}]}}